{"id":559,"date":"2024-09-17T17:28:13","date_gmt":"2024-09-17T20:28:13","guid":{"rendered":"https:\/\/developerwordpress.com.br\/?page_id=559"},"modified":"2024-09-27T12:37:40","modified_gmt":"2024-09-27T15:37:40","slug":"processos-seletivos","status":"publish","type":"page","link":"https:\/\/developerwordpress.com.br\/?page_id=559","title":{"rendered":"Processos Seletivos"},"content":{"rendered":"\t\t<div data-elementor-type=\"wp-page\" data-elementor-id=\"559\" class=\"elementor elementor-559\" data-elementor-post-type=\"page\">\n\t\t\t\t<div class=\"elementor-element elementor-element-0c8045a e-flex e-con-boxed e-con e-parent\" data-id=\"0c8045a\" data-element_type=\"container\" data-e-type=\"container\">\n\t\t\t\t\t<div class=\"e-con-inner\">\n\t\t\t\t<div class=\"elementor-element elementor-element-11508f3 elementor-widget elementor-widget-text-editor\" data-id=\"11508f3\" data-element_type=\"widget\" data-e-type=\"widget\" data-widget_type=\"text-editor.default\">\n\t\t\t\t<div class=\"elementor-widget-container\">\n\t\t\t\t\t\t\t\t\t<div style=\"margin: 0px; padding: 0px; border: 0px; outline: 0px; font-variant-numeric: inherit; font-variant-east-asian: inherit; font-variant-alternates: inherit; font-variant-position: inherit; font-stretch: inherit; line-height: inherit; font-optical-sizing: inherit; font-size-adjust: inherit; font-kerning: inherit; font-feature-settings: inherit; font-variation-settings: inherit; vertical-align: baseline;\"><blockquote style=\"color: #2b2b2b; font-family: 'Open Sans'; font-size: 16px;\"><h2 style=\"font-family: var( --e-global-typography-primary-font-family ), Sans-serif; font-weight: var( --e-global-typography-primary-font-weight ); color: var( --e-global-color-primary );\" data-elementor-setting-key=\"title\" data-pen-placeholder=\"Digite aqui...\"><strong><span style=\"color: #547c46;\">+ Lan\u00e7ado Edital de Sele\u00e7\u00e3o de 2025<\/span><\/strong><\/h2><\/blockquote><p><span style=\"color: #547c46;\"><strong><a style=\"color: #547c46;\" href=\"https:\/\/uenf.br\/posgraduacao\/politicas-sociais\/wp-content\/uploads\/sites\/11\/2024\/09\/Edital_PPGPS_2025.pdf\" target=\"_blank\" rel=\"noopener\">\u21d2 Edital Pol\u00edticas Sociais <span style=\"color: #547c46;\">2025<\/span><\/a><\/strong><\/span><\/p><hr \/><p><span style=\"color: #547c46;\"><strong><a style=\"color: #547c46;\" href=\"https:\/\/uenf.br\/posgraduacao\/politicas-sociais\/wp-content\/uploads\/sites\/11\/2024\/09\/ERRATA-01-2025.1.pdf\" target=\"_blank\" rel=\"noopener\">\u21d2 Errata 1 \u2013 Edital Sele\u00e7\u00e3o Mestrado Doutorado 2025<\/a><\/strong><\/span><\/p><hr \/><p><span style=\"color: #547c46;\"><strong><a style=\"color: #547c46;\" href=\"http:\/\/uenf.br\/posgraduacao\/politicas-sociais\/wp-content\/uploads\/sites\/11\/2024\/09\/errata_02_assinado-1.pdf\" target=\"_blank\" rel=\"noopener\">\u21d2 Errata 2 &#8211; Edital Sele\u00e7\u00e3o Mestrado Doutorado 2025<\/a><\/strong><\/span><\/p><hr \/><hr \/><hr \/><hr \/><hr \/><hr \/><hr \/><hr \/><hr \/><hr \/><hr \/><hr \/><hr \/><\/div>\t\t\t\t\t\t\t\t<\/div>\n\t\t\t\t<\/div>\n\t\t\t\t<div class=\"elementor-element elementor-element-a810726 elementor-widget elementor-widget-text-editor\" data-id=\"a810726\" data-element_type=\"widget\" data-e-type=\"widget\" data-widget_type=\"text-editor.default\">\n\t\t\t\t<div class=\"elementor-widget-container\">\n\t\t\t\t\t\t\t\t\t<h1 style=\"padding: 0px; border: 0px; outline: 0px; font-variant-numeric: inherit; font-variant-east-asian: inherit; font-variant-alternates: inherit; font-variant-position: inherit; font-stretch: inherit; line-height: 1.4; font-optical-sizing: inherit; font-size-adjust: inherit; font-kerning: inherit; font-feature-settings: inherit; font-variation-settings: inherit; vertical-align: baseline; font-size: 23px; font-weight: 600; color: #333333;\"><strong><span style=\"font-family: inherit; font-size: 16px; font-style: inherit; font-variant-ligatures: inherit; font-variant-caps: inherit; color: #547c46;\">O Programa de P\u00f3s-gradua\u00e7\u00e3o em Pol\u00edticas Sociais oferece vagas para:<\/span><\/strong><\/h1><div style=\"margin: 0px; padding: 0px; border: 0px; outline: 0px; font-variant-numeric: inherit; font-variant-east-asian: inherit; font-variant-alternates: inherit; font-variant-position: inherit; font-stretch: inherit; line-height: inherit; font-optical-sizing: inherit; font-size-adjust: inherit; font-kerning: inherit; font-feature-settings: inherit; font-variation-settings: inherit; vertical-align: baseline;\"><p style=\"color: #2b2b2b; font-family: inherit; font-size: 16px; padding: 0px; border: 0px; outline: 0px; font-variant: inherit; font-stretch: inherit; line-height: inherit; font-optical-sizing: inherit; font-size-adjust: inherit; font-kerning: inherit; font-feature-settings: inherit; font-variation-settings: inherit; vertical-align: baseline; font-style: inherit; font-weight: inherit;\"><strong><span style=\"margin: 0px; padding: 0px; border: 0px; outline: 0px; font-variant: inherit; font-stretch: inherit; line-height: inherit; font-optical-sizing: inherit; font-size-adjust: inherit; font-kerning: inherit; font-feature-settings: inherit; font-variation-settings: inherit; vertical-align: baseline; font-family: inherit; font-style: inherit; color: #547c46;\">Aluno Regular<\/span><\/strong>\u00a0\u2013 O aluno regular \u00e9 aquele que participa do processo seletivo via edital e obt\u00e9m aprova\u00e7\u00e3o segundo os crit\u00e9rios do referido edital tornando-se assim, ap\u00f3s sua matr\u00edcula, um aluno regular do mestrado, ou seja, mestrando em Pol\u00edticas Sociais. Segundo o\u00a0<a style=\"margin: 0px; padding: 0px; border: 0px; outline: 0px; font-variant: inherit; font-stretch: inherit; line-height: inherit; font-optical-sizing: inherit; font-size-adjust: inherit; font-kerning: inherit; font-feature-settings: inherit; font-variation-settings: inherit; vertical-align: baseline; font-family: inherit; font-style: inherit; font-weight: inherit; color: #333333; transition: 0.3s; cursor: pointer; text-underline-offset: 3px;\" href=\"https:\/\/uenf.br\/posgraduacao\/wp-content\/uploads\/2020\/10\/REGIMENTO-GERAL-DA-POS-GRADUACAO-RESOLUCAO-CONSUNI-No-02-DE-25.02.2011-PUBLICADA-DOERJ-DE-08.09.2011.pdf\" target=\"_blank\" rel=\"noopener\">Regimento geral da P\u00f3s-gradua\u00e7\u00e3o<\/a>:<\/p><p style=\"color: #2b2b2b; font-family: inherit; font-size: 16px; padding: 0px; border: 0px; outline: 0px; font-variant: inherit; font-stretch: inherit; line-height: inherit; font-optical-sizing: inherit; font-size-adjust: inherit; font-kerning: inherit; font-feature-settings: inherit; font-variation-settings: inherit; vertical-align: baseline; font-style: inherit; font-weight: inherit;\">\u201c<em style=\"margin: 0px; padding: 0px; border: 0px; outline: 0px; font-variant: inherit; font-stretch: inherit; line-height: inherit; font-optical-sizing: inherit; font-size-adjust: inherit; font-kerning: inherit; font-feature-settings: inherit; font-variation-settings: inherit; vertical-align: baseline; font-family: inherit; font-weight: inherit;\">Art. 17 \u2013 Poder\u00e3o ser admitidos nos Programas de P\u00f3s-Gradua\u00e7\u00e3o os candidatos graduados em curso de n\u00edvel superior, com disponibilidade para dedicarem tempo integral ao Programa.<\/em><br \/><em style=\"margin: 0px; padding: 0px; border: 0px; outline: 0px; font-variant: inherit; font-stretch: inherit; line-height: inherit; font-optical-sizing: inherit; font-size-adjust: inherit; font-kerning: inherit; font-feature-settings: inherit; font-variation-settings: inherit; vertical-align: baseline; font-family: inherit; font-weight: inherit;\">\u00a7 1\u00ba \u2013 S\u00f3 ser\u00e3o aceitos candidatos graduados em curso superior autorizado que atenda aos seguintes quesitos:<\/em><br \/><em style=\"margin: 0px; padding: 0px; border: 0px; outline: 0px; font-variant: inherit; font-stretch: inherit; line-height: inherit; font-optical-sizing: inherit; font-size-adjust: inherit; font-kerning: inherit; font-feature-settings: inherit; font-variation-settings: inherit; vertical-align: baseline; font-family: inherit; font-weight: inherit;\">I \u2013 2400 (duas mil e quatrocentas) horas de dura\u00e7\u00e3o, no m\u00ednimo;<\/em><br \/><em style=\"margin: 0px; padding: 0px; border: 0px; outline: 0px; font-variant: inherit; font-stretch: inherit; line-height: inherit; font-optical-sizing: inherit; font-size-adjust: inherit; font-kerning: inherit; font-feature-settings: inherit; font-variation-settings: inherit; vertical-align: baseline; font-family: inherit; font-weight: inherit;\">II \u2013 e\/ou dura\u00e7\u00e3o regular de 08 (oito) semestres letivos, no m\u00ednimo, este a crit\u00e9rio do Programa<\/em>\u201d<\/p><p style=\"color: #2b2b2b; font-family: inherit; font-size: 16px; padding: 0px; border: 0px; outline: 0px; font-variant: inherit; font-stretch: inherit; line-height: inherit; font-optical-sizing: inherit; font-size-adjust: inherit; font-kerning: inherit; font-feature-settings: inherit; font-variation-settings: inherit; vertical-align: baseline; font-style: inherit; font-weight: inherit;\"><span style=\"margin: 0px; padding: 0px; border: 0px; outline: 0px; font-variant: inherit; font-stretch: inherit; line-height: inherit; font-optical-sizing: inherit; font-size-adjust: inherit; font-kerning: inherit; font-feature-settings: inherit; font-variation-settings: inherit; vertical-align: baseline; font-family: inherit; font-style: inherit; font-weight: 600;\"><strong><span style=\"color: #547c46;\">Aluno Especial<\/span><\/strong><\/span>\u00a0\u2013 O aluno especial \u00e9 aquele que cursa disciplinas no Programa, sem contudo ter v\u00ednculo com o Programa, ou seja, sem almejar certifica\u00e7\u00e3o de P\u00f3s-gradua\u00e7\u00e3o. O aluno especial pode cursar at\u00e9 duas disciplinas por semestre e no m\u00e1ximo dois semestres. Os cr\u00e9ditos obtidos como aluno especial poder\u00e3o ser aproveitados no caso de aprova\u00e7\u00e3o com grau \u201cA\u201d nas disciplinas cursadas, e quando da aprova\u00e7\u00e3o deste via processo seletivo para aluno regular os cr\u00e9ditos t\u00eam validade de 5 anos).<\/p><p style=\"color: #2b2b2b; font-family: inherit; font-size: 16px; padding: 0px; border: 0px; outline: 0px; font-variant: inherit; font-stretch: inherit; line-height: inherit; font-optical-sizing: inherit; font-size-adjust: inherit; font-kerning: inherit; font-feature-settings: inherit; font-variation-settings: inherit; vertical-align: baseline; font-style: inherit; font-weight: inherit;\"><em style=\"margin: 0px; padding: 0px; border: 0px; outline: 0px; font-variant: inherit; font-stretch: inherit; line-height: inherit; font-optical-sizing: inherit; font-size-adjust: inherit; font-kerning: inherit; font-feature-settings: inherit; font-variation-settings: inherit; vertical-align: baseline; font-family: inherit; font-weight: inherit;\">\u201cArt. 76 \u2013 A UENF poder\u00e1 aceitar estudantes graduados em cursos superiores de dura\u00e7\u00e3o plena com interesse em aperfei\u00e7oar seus conhecimentos sem, contudo, visarem \u00e0 obten\u00e7\u00e3o de um t\u00edtulo ou certificado de P\u00f3s-Gradua\u00e7\u00e3o\u201d.<\/em><\/p><p style=\"color: #2b2b2b; font-family: inherit; font-size: 16px; padding: 0px; border: 0px; outline: 0px; font-variant: inherit; font-stretch: inherit; line-height: inherit; font-optical-sizing: inherit; font-size-adjust: inherit; font-kerning: inherit; font-feature-settings: inherit; font-variation-settings: inherit; vertical-align: baseline; font-style: inherit; font-weight: inherit;\">Consulte o\u00a0<a style=\"margin: 0px; padding: 0px; border: 0px; outline: 0px; font-variant: inherit; font-stretch: inherit; line-height: inherit; font-optical-sizing: inherit; font-size-adjust: inherit; font-kerning: inherit; font-feature-settings: inherit; font-variation-settings: inherit; vertical-align: baseline; font-family: inherit; font-style: inherit; font-weight: inherit; color: #333333; transition: 0.3s; cursor: pointer; text-underline-offset: 3px;\" href=\"https:\/\/uenf.br\/posgraduacao\/wp-content\/uploads\/2020\/10\/REGIMENTO-GERAL-DA-POS-GRADUACAO-RESOLUCAO-CONSUNI-No-02-DE-25.02.2011-PUBLICADA-DOERJ-DE-08.09.2011.pdf\" target=\"_blank\" rel=\"noopener\">Regimento Geral da P\u00f3s-gradua\u00e7\u00e3o<\/a>\u00a0para maiores esclarecimentos.<\/p><p style=\"color: #2b2b2b; font-family: inherit; font-size: 16px; padding: 0px; border: 0px; outline: 0px; font-variant: inherit; font-stretch: inherit; line-height: inherit; font-optical-sizing: inherit; font-size-adjust: inherit; font-kerning: inherit; font-feature-settings: inherit; font-variation-settings: inherit; vertical-align: baseline; font-style: inherit; font-weight: inherit;\">O Programa de P\u00f3s-Gradua\u00e7\u00e3o em Pol\u00edticas Sociais da Uenf informa que inicia no dia de hoje (02\/09) o seu processo seletivo para os seus cursos de Mestrado e Doutorado referente ao primeiro semestre de 2025.<\/p><p style=\"color: #2b2b2b; font-family: inherit; font-size: 16px; padding: 0px; border: 0px; outline: 0px; font-variant: inherit; font-stretch: inherit; line-height: inherit; font-optical-sizing: inherit; font-size-adjust: inherit; font-kerning: inherit; font-feature-settings: inherit; font-variation-settings: inherit; vertical-align: baseline; font-style: inherit; font-weight: inherit;\">Todos os detalhes estar\u00e3o dispon\u00edveis no Edital que segue logo abaixo. Pedimos toda a aten\u00e7\u00e3o ao que est\u00e1 disposto nele para que todos os interessados possam se inscrever e concorrer em qualquer tipo de impedimento.<\/p><p style=\"padding: 0px; border: 0px; outline: 0px; font-variant-alternates: inherit; font-variant-numeric: inherit; font-variant-east-asian: inherit; font-variant-position: inherit; font-stretch: inherit; line-height: inherit; font-optical-sizing: inherit; font-size-adjust: inherit; font-kerning: inherit; font-feature-settings: inherit; font-variation-settings: inherit; vertical-align: baseline;\">\u00a0<\/p><blockquote style=\"color: #2b2b2b; font-family: 'Open Sans'; font-size: 16px;\"><h2 style=\"font-family: var( --e-global-typography-primary-font-family ), Sans-serif; font-weight: var( --e-global-typography-primary-font-weight ); color: var( --e-global-color-primary );\" data-elementor-setting-key=\"title\" data-pen-placeholder=\"Digite aqui...\"><strong><span style=\"color: #547c46;\">+ Processos Seletivos<\/span><\/strong><\/h2><\/blockquote><p style=\"color: #2b2b2b; font-family: inherit; font-size: 16px; padding: 0px; border: 0px; outline: 0px; font-variant: inherit; font-stretch: inherit; line-height: inherit; font-optical-sizing: inherit; font-size-adjust: inherit; font-kerning: inherit; font-feature-settings: inherit; font-variation-settings: inherit; vertical-align: baseline; font-style: inherit; font-weight: inherit;\"><span style=\"margin: 0px; padding: 0px; border: 0px; outline: 0px; font-variant: inherit; font-stretch: inherit; line-height: inherit; font-optical-sizing: inherit; font-size-adjust: inherit; font-kerning: inherit; font-feature-settings: inherit; font-variation-settings: inherit; vertical-align: baseline; font-family: inherit; font-style: inherit; font-weight: 600; color: #547c46;\"><span style=\"margin: 0px; padding: 0px; border: 0px; outline: 0px; font-variant: inherit; font-stretch: inherit; line-height: inherit; font-optical-sizing: inherit; font-size-adjust: inherit; font-kerning: inherit; font-feature-settings: inherit; font-variation-settings: inherit; vertical-align: baseline; font-family: inherit; font-style: inherit; font-weight: inherit;\"><a style=\"margin: 0px; padding: 0px; border: 0px; outline: 0px; font-variant: inherit; font-stretch: inherit; line-height: inherit; font-optical-sizing: inherit; font-size-adjust: inherit; font-kerning: inherit; font-feature-settings: inherit; font-variation-settings: inherit; vertical-align: baseline; font-family: inherit; font-style: inherit; font-weight: inherit; color: #547c46; transition: 0.3s; cursor: pointer; text-underline-offset: 3px;\" href=\"https:\/\/uenf.br\/posgraduacao\/politicas-sociais\/wp-content\/uploads\/sites\/11\/2024\/09\/ERRATA-01-2025.1.pdf\" target=\"_blank\" rel=\"noopener\">\u00bb Errata 1 \u2013 Edital Sele\u00e7\u00e3o Mestrado Doutorado 2025\u00a0<\/a><\/span><\/span><\/p><hr style=\"color: #2b2b2b; font-family: 'Open Sans'; font-size: 16px;\" \/><p style=\"color: #2b2b2b; font-family: inherit; font-size: 16px; padding: 0px; border: 0px; outline: 0px; font-variant: inherit; font-stretch: inherit; line-height: inherit; font-optical-sizing: inherit; font-size-adjust: inherit; font-kerning: inherit; font-feature-settings: inherit; font-variation-settings: inherit; vertical-align: baseline; font-style: inherit; font-weight: inherit;\"><a style=\"font-family: inherit; font-style: inherit; font-variant: inherit; font-weight: inherit; letter-spacing: 0.2px; text-align: var(--text-align); background-color: #ffffff; margin: 0px; padding: 0px; border: 0px; outline: 0px; font-stretch: inherit; line-height: inherit; font-optical-sizing: inherit; font-size-adjust: inherit; font-kerning: inherit; font-feature-settings: inherit; font-variation-settings: inherit; vertical-align: baseline; transition: 0.3s; cursor: pointer; text-underline-offset: 3px;\" href=\"https:\/\/uenf.br\/posgraduacao\/politicas-sociais\/wp-content\/uploads\/sites\/11\/2024\/09\/Edital_PPGPS_2025.pdf\" target=\"_blank\" rel=\"noopener\">\u00bb Edital de Sele\u00e7\u00e3o Mestrado e Doutorado 2025<\/a><\/p><hr style=\"color: #2b2b2b; font-family: 'Open Sans'; font-size: 16px;\" \/><p style=\"color: #2b2b2b; font-family: inherit; font-size: 16px; padding: 0px; border: 0px; outline: 0px; font-variant: inherit; font-stretch: inherit; line-height: inherit; font-optical-sizing: inherit; font-size-adjust: inherit; font-kerning: inherit; font-feature-settings: inherit; font-variation-settings: inherit; vertical-align: baseline; font-style: inherit; font-weight: inherit;\"><a style=\"margin: 0px; padding: 0px; border: 0px; outline: 0px; font-variant: inherit; font-stretch: inherit; line-height: inherit; font-optical-sizing: inherit; font-size-adjust: inherit; font-kerning: inherit; font-feature-settings: inherit; font-variation-settings: inherit; vertical-align: baseline; font-family: inherit; font-style: inherit; font-weight: inherit; color: #547c46; transition: 0.3s; cursor: pointer; text-underline-offset: 3px;\" href=\"https:\/\/uenf.br\/posgraduacao\/politicas-sociais\/wp-content\/uploads\/sites\/11\/2024\/07\/Alunos-Especiais-Aprovados-2o-Semestre-de-2024-SEGUNDA-RETIFICACAO.pdf\" target=\"_blank\" rel=\"noopener\">\u00bb Alunos Especiais Aprovados 2\u00ba Semestre de 2024 \u2013 SEGUNDA RETIFICA\u00c7\u00c3O<\/a><\/p><hr style=\"color: #2b2b2b; font-family: 'Open Sans'; font-size: 16px;\" \/><p style=\"color: #2b2b2b; font-family: inherit; font-size: 16px; padding: 0px; border: 0px; outline: 0px; font-variant: inherit; font-stretch: inherit; line-height: inherit; font-optical-sizing: inherit; font-size-adjust: inherit; font-kerning: inherit; font-feature-settings: inherit; font-variation-settings: inherit; vertical-align: baseline; font-style: inherit; font-weight: inherit;\"><span style=\"color: #547c46;\"><a style=\"margin: 0px; padding: 0px; border: 0px; outline: 0px; font-variant: inherit; font-stretch: inherit; line-height: inherit; font-optical-sizing: inherit; font-size-adjust: inherit; font-kerning: inherit; font-feature-settings: inherit; font-variation-settings: inherit; vertical-align: baseline; font-family: inherit; font-style: inherit; font-weight: inherit; color: #547c46; transition: 0.3s; cursor: pointer; text-underline-offset: 3px;\" href=\"https:\/\/uenf.br\/posgraduacao\/politicas-sociais\/wp-content\/uploads\/sites\/11\/2024\/07\/Alunos-Especiais-Aprovados-2o-Semestre-de-2024-RETIFICADO.pdf\" target=\"_blank\" rel=\"noopener\">\u00bb Alunos Especiais Aprovados 2\u00ba Semestre de 2024 \u2013 RETIFICADO<\/a><\/span><\/p><hr style=\"color: #2b2b2b; font-family: 'Open Sans'; font-size: 16px;\" \/><p style=\"color: #2b2b2b; font-family: inherit; font-size: 16px; padding: 0px; border: 0px; outline: 0px; font-variant: inherit; font-stretch: inherit; line-height: inherit; font-optical-sizing: inherit; font-size-adjust: inherit; font-kerning: inherit; font-feature-settings: inherit; font-variation-settings: inherit; vertical-align: baseline; font-style: inherit; font-weight: inherit;\"><span style=\"color: #547c46;\"><a style=\"margin: 0px; padding: 0px; border: 0px; outline: 0px; font-variant: inherit; font-stretch: inherit; line-height: inherit; font-optical-sizing: inherit; font-size-adjust: inherit; font-kerning: inherit; font-feature-settings: inherit; font-variation-settings: inherit; vertical-align: baseline; font-family: inherit; font-style: inherit; font-weight: inherit; color: #547c46; transition: 0.3s; cursor: pointer; text-underline-offset: 3px;\" href=\"https:\/\/uenf.br\/posgraduacao\/politicas-sociais\/wp-content\/uploads\/sites\/11\/2024\/07\/Alunos-Especiais-Aprovados-2o-Semestre-de-2024.pdf\" target=\"_blank\" rel=\"noopener\">\u00bb Resultado sele\u00e7\u00e3o de Alunos Especiais 2\u00ba Semestre de 2024<\/a><\/span><\/p><hr style=\"color: #2b2b2b; font-family: 'Open Sans'; font-size: 16px;\" \/><p style=\"color: #2b2b2b; font-family: inherit; font-size: 16px; padding: 0px; border: 0px; outline: 0px; font-variant: inherit; font-stretch: inherit; line-height: inherit; font-optical-sizing: inherit; font-size-adjust: inherit; font-kerning: inherit; font-feature-settings: inherit; font-variation-settings: inherit; vertical-align: baseline; font-style: inherit; font-weight: inherit;\"><span style=\"color: #547c46;\"><a style=\"margin: 0px; padding: 0px; border: 0px; outline: 0px; font-variant: inherit; font-stretch: inherit; line-height: inherit; font-optical-sizing: inherit; font-size-adjust: inherit; font-kerning: inherit; font-feature-settings: inherit; font-variation-settings: inherit; vertical-align: baseline; font-family: inherit; font-style: inherit; font-weight: inherit; color: #547c46; transition: 0.3s; cursor: pointer; text-underline-offset: 3px;\" href=\"https:\/\/uenf.br\/posgraduacao\/politicas-sociais\/wp-content\/uploads\/sites\/11\/2024\/07\/Informacoes-para-Selecao-alunos-especiais-2-2024.pdf\" target=\"_blank\" rel=\"noopener\">\u00bb Informa\u00e7\u00f5es para Sele\u00e7\u00e3o alunos especiais 2-2024<\/a><\/span><\/p><hr style=\"color: #2b2b2b; font-family: 'Open Sans'; font-size: 16px;\" \/><p style=\"color: #2b2b2b; font-family: inherit; font-size: 16px; padding: 0px; border: 0px; outline: 0px; font-variant: inherit; font-stretch: inherit; line-height: inherit; font-optical-sizing: inherit; font-size-adjust: inherit; font-kerning: inherit; font-feature-settings: inherit; font-variation-settings: inherit; vertical-align: baseline; font-style: inherit; font-weight: inherit;\"><span style=\"color: #547c46;\"><a style=\"margin: 0px; padding: 0px; border: 0px; outline: 0px; font-variant: inherit; font-stretch: inherit; line-height: inherit; font-optical-sizing: inherit; font-size-adjust: inherit; font-kerning: inherit; font-feature-settings: inherit; font-variation-settings: inherit; vertical-align: baseline; font-family: inherit; font-style: inherit; font-weight: inherit; color: #547c46; transition: 0.3s; cursor: pointer; text-underline-offset: 3px;\" href=\"https:\/\/uenf.br\/posgraduacao\/politicas-sociais\/wp-content\/uploads\/sites\/11\/2024\/03\/Resultado-Edital-Chamada-de-Bolsas-Mestrado-Doutorado-PGPS-2024.pdf\" target=\"_blank\" rel=\"noopener\">\u00bb Resultado Edital Chamada de Bolsas Mestrado &amp; Doutorado PGPS 2024<\/a><\/span><\/p><hr style=\"color: #2b2b2b; font-family: 'Open Sans'; font-size: 16px;\" \/><p style=\"color: #2b2b2b; font-family: inherit; font-size: 16px; padding: 0px; border: 0px; outline: 0px; font-variant: inherit; font-stretch: inherit; line-height: inherit; font-optical-sizing: inherit; font-size-adjust: inherit; font-kerning: inherit; font-feature-settings: inherit; font-variation-settings: inherit; vertical-align: baseline; font-style: inherit; font-weight: inherit;\"><span style=\"color: #547c46;\"><a style=\"margin: 0px; padding: 0px; border: 0px; outline: 0px; font-variant: inherit; font-stretch: inherit; line-height: inherit; font-optical-sizing: inherit; font-size-adjust: inherit; font-kerning: inherit; font-feature-settings: inherit; font-variation-settings: inherit; vertical-align: baseline; font-family: inherit; font-style: inherit; font-weight: inherit; color: #547c46; transition: 0.3s; cursor: pointer; text-underline-offset: 3px;\" href=\"https:\/\/uenf.br\/posgraduacao\/politicas-sociais\/wp-content\/uploads\/sites\/11\/2024\/03\/Edital-do-PPGPS-para-Candidaturas-a-Bolsa-de-Mestrado-e-Doutorado-2024-1.pdf\" target=\"_blank\" rel=\"noopener\">\u00bb Edital do PPGPS para Candidaturas \u00e0 Bolsa de Mestrado e Doutorado 2024-1<\/a><\/span><\/p><hr style=\"color: #2b2b2b; font-family: 'Open Sans'; font-size: 16px;\" \/><p style=\"color: #2b2b2b; font-family: inherit; font-size: 16px; padding: 0px; border: 0px; outline: 0px; font-variant: inherit; font-stretch: inherit; line-height: inherit; font-optical-sizing: inherit; font-size-adjust: inherit; font-kerning: inherit; font-feature-settings: inherit; font-variation-settings: inherit; vertical-align: baseline; font-style: inherit; font-weight: inherit;\"><span style=\"color: #547c46;\"><a style=\"margin: 0px; padding: 0px; border: 0px; outline: 0px; font-variant: inherit; font-stretch: inherit; line-height: inherit; font-optical-sizing: inherit; font-size-adjust: inherit; font-kerning: inherit; font-feature-settings: inherit; font-variation-settings: inherit; vertical-align: baseline; font-family: inherit; font-style: inherit; font-weight: inherit; color: #547c46; transition: 0.3s; cursor: pointer; text-underline-offset: 3px;\" href=\"https:\/\/uenf.br\/posgraduacao\/politicas-sociais\/wp-content\/uploads\/sites\/11\/2023\/12\/Resultado-Final-Doutorado-2024-1-1.pdf\" target=\"_blank\" rel=\"noopener\">\u00bb Resultado Final Doutorado 2024-1<\/a><\/span><\/p><hr style=\"color: #2b2b2b; font-family: 'Open Sans'; font-size: 16px;\" \/><p style=\"color: #2b2b2b; font-family: inherit; font-size: 16px; padding: 0px; border: 0px; outline: 0px; font-variant: inherit; font-stretch: inherit; line-height: inherit; font-optical-sizing: inherit; font-size-adjust: inherit; font-kerning: inherit; font-feature-settings: inherit; font-variation-settings: inherit; vertical-align: baseline; font-style: inherit; font-weight: inherit;\"><span style=\"color: #547c46;\"><a style=\"margin: 0px; padding: 0px; border: 0px; outline: 0px; font-variant: inherit; font-stretch: inherit; line-height: inherit; font-optical-sizing: inherit; font-size-adjust: inherit; font-kerning: inherit; font-feature-settings: inherit; font-variation-settings: inherit; vertical-align: baseline; font-family: inherit; font-style: inherit; font-weight: inherit; color: #547c46; transition: 0.3s; cursor: pointer; text-underline-offset: 3px;\" href=\"https:\/\/uenf.br\/posgraduacao\/politicas-sociais\/wp-content\/uploads\/sites\/11\/2023\/12\/Resultado-Final-Mestrado-2024-1.pdf\" target=\"_blank\" rel=\"noopener\">\u00bb Resultado Final Mestrado 2024-1<\/a><\/span><\/p><hr style=\"color: #2b2b2b; font-family: 'Open Sans'; font-size: 16px;\" \/><p style=\"color: #2b2b2b; font-family: inherit; font-size: 16px; padding: 0px; border: 0px; outline: 0px; font-variant: inherit; font-stretch: inherit; line-height: inherit; font-optical-sizing: inherit; font-size-adjust: inherit; font-kerning: inherit; font-feature-settings: inherit; font-variation-settings: inherit; vertical-align: baseline; font-style: inherit; font-weight: inherit;\"><span style=\"color: #547c46;\"><a style=\"margin: 0px; padding: 0px; border: 0px; outline: 0px; font-variant: inherit; font-stretch: inherit; line-height: inherit; font-optical-sizing: inherit; font-size-adjust: inherit; font-kerning: inherit; font-feature-settings: inherit; font-variation-settings: inherit; vertical-align: baseline; font-family: inherit; font-style: inherit; font-weight: inherit; color: #547c46; transition: 0.3s; cursor: pointer; text-underline-offset: 3px;\" href=\"https:\/\/uenf.br\/posgraduacao\/politicas-sociais\/wp-content\/uploads\/sites\/11\/2023\/12\/Resultado-2a-Fase-2024-1-Nivel-Doutorado-Apos-recursos.pdf\" target=\"_blank\" rel=\"noopener\">\u00bb Resultado 2\u00aa Fase 2024-1 \u2013 N\u00edvel Doutorado \u2013 Ap\u00f3s recursos<\/a><\/span><\/p><hr style=\"color: #2b2b2b; font-family: 'Open Sans'; font-size: 16px;\" \/><p style=\"color: #2b2b2b; font-family: inherit; font-size: 16px; padding: 0px; border: 0px; outline: 0px; font-variant: inherit; font-stretch: inherit; line-height: inherit; font-optical-sizing: inherit; font-size-adjust: inherit; font-kerning: inherit; font-feature-settings: inherit; font-variation-settings: inherit; vertical-align: baseline; font-style: inherit; font-weight: inherit;\"><span style=\"color: #547c46;\"><a style=\"margin: 0px; padding: 0px; border: 0px; outline: 0px; font-variant: inherit; font-stretch: inherit; line-height: inherit; font-optical-sizing: inherit; font-size-adjust: inherit; font-kerning: inherit; font-feature-settings: inherit; font-variation-settings: inherit; vertical-align: baseline; font-family: inherit; font-style: inherit; font-weight: inherit; color: #547c46; transition: 0.3s; cursor: pointer; text-underline-offset: 3px;\" href=\"https:\/\/uenf.br\/posgraduacao\/politicas-sociais\/wp-content\/uploads\/sites\/11\/2023\/12\/Resultado-2a-fase-Mestrado-2024-1-Apos-recursos.pdf\" target=\"_blank\" rel=\"noopener\">\u00bb Resultado 2\u00aa fase Mestrado \u2013 2024-1 \u2013 Ap\u00f3s recursos<\/a><\/span><\/p><hr style=\"color: #2b2b2b; font-family: 'Open Sans'; font-size: 16px;\" \/><p style=\"color: #2b2b2b; font-family: inherit; font-size: 16px; padding: 0px; border: 0px; outline: 0px; font-variant: inherit; font-stretch: inherit; line-height: inherit; font-optical-sizing: inherit; font-size-adjust: inherit; font-kerning: inherit; font-feature-settings: inherit; font-variation-settings: inherit; vertical-align: baseline; font-style: inherit; font-weight: inherit;\"><span style=\"color: #547c46;\"><a style=\"margin: 0px; padding: 0px; border: 0px; outline: 0px; font-variant: inherit; font-stretch: inherit; line-height: inherit; font-optical-sizing: inherit; font-size-adjust: inherit; font-kerning: inherit; font-feature-settings: inherit; font-variation-settings: inherit; vertical-align: baseline; font-family: inherit; font-style: inherit; font-weight: inherit; color: #547c46; transition: 0.3s; cursor: pointer; text-underline-offset: 3px;\" href=\"https:\/\/uenf.br\/posgraduacao\/politicas-sociais\/wp-content\/uploads\/sites\/11\/2023\/12\/Resultado-2a-Fase-2024-1-Nivel-Doutorado.pdf\" target=\"_blank\" rel=\"noopener\">\u00bb Resultado 2\u00aa Fase 2024-1 \u2013 N\u00edvel Doutorado<\/a><\/span><\/p><hr style=\"color: #2b2b2b; font-family: 'Open Sans'; font-size: 16px;\" \/><p style=\"color: #2b2b2b; font-family: inherit; font-size: 16px; padding: 0px; border: 0px; outline: 0px; font-variant: inherit; font-stretch: inherit; line-height: inherit; font-optical-sizing: inherit; font-size-adjust: inherit; font-kerning: inherit; font-feature-settings: inherit; font-variation-settings: inherit; vertical-align: baseline; font-style: inherit; font-weight: inherit;\"><span style=\"color: #547c46;\"><a style=\"margin: 0px; padding: 0px; border: 0px; outline: 0px; font-variant: inherit; font-stretch: inherit; line-height: inherit; font-optical-sizing: inherit; font-size-adjust: inherit; font-kerning: inherit; font-feature-settings: inherit; font-variation-settings: inherit; vertical-align: baseline; font-family: inherit; font-style: inherit; font-weight: inherit; color: #547c46; transition: 0.3s; cursor: pointer; text-underline-offset: 3px;\" href=\"https:\/\/uenf.br\/posgraduacao\/politicas-sociais\/wp-content\/uploads\/sites\/11\/2023\/12\/Resultado-2a-fase-Mestrado-2024-1-ass.pdf\" target=\"_blank\" rel=\"noopener\">\u00bb Resultado 2\u00aa fase Mestrado \u2013 2024-1<\/a><\/span><\/p><hr style=\"color: #2b2b2b; font-family: 'Open Sans'; font-size: 16px;\" \/><p style=\"color: #2b2b2b; font-family: inherit; font-size: 16px; padding: 0px; border: 0px; outline: 0px; font-variant: inherit; font-stretch: inherit; line-height: inherit; font-optical-sizing: inherit; font-size-adjust: inherit; font-kerning: inherit; font-feature-settings: inherit; font-variation-settings: inherit; vertical-align: baseline; font-style: inherit; font-weight: inherit;\"><span style=\"color: #547c46;\"><a style=\"margin: 0px; padding: 0px; border: 0px; outline: 0px; font-variant: inherit; font-stretch: inherit; line-height: inherit; font-optical-sizing: inherit; font-size-adjust: inherit; font-kerning: inherit; font-feature-settings: inherit; font-variation-settings: inherit; vertical-align: baseline; font-family: inherit; font-style: inherit; font-weight: inherit; color: #547c46; transition: 0.3s; cursor: pointer; text-underline-offset: 3px;\" href=\"https:\/\/uenf.br\/posgraduacao\/politicas-sociais\/wp-content\/uploads\/sites\/11\/2023\/12\/Resultado-1a-Fase-2024-1-Nivel-Doutorado-apos-recursos-com-data-de-entrevista.pdf\" target=\"_blank\" rel=\"noopener\">\u00bb Resultado 1\u00aa Fase 2024-1 \u2013 N\u00edvel Doutorado \u2013 ap\u00f3s recursos \u2013 com data de entrevista<\/a><\/span><\/p><hr style=\"color: #2b2b2b; font-family: 'Open Sans'; font-size: 16px;\" \/><p style=\"color: #2b2b2b; font-family: inherit; font-size: 16px; padding: 0px; border: 0px; outline: 0px; font-variant: inherit; font-stretch: inherit; line-height: inherit; font-optical-sizing: inherit; font-size-adjust: inherit; font-kerning: inherit; font-feature-settings: inherit; font-variation-settings: inherit; vertical-align: baseline; font-style: inherit; font-weight: inherit;\"><span style=\"color: #547c46;\"><a style=\"margin: 0px; padding: 0px; border: 0px; outline: 0px; font-variant: inherit; font-stretch: inherit; line-height: inherit; font-optical-sizing: inherit; font-size-adjust: inherit; font-kerning: inherit; font-feature-settings: inherit; font-variation-settings: inherit; vertical-align: baseline; font-family: inherit; font-style: inherit; font-weight: inherit; color: #547c46; transition: 0.3s; cursor: pointer; text-underline-offset: 3px;\" href=\"https:\/\/uenf.br\/posgraduacao\/politicas-sociais\/wp-content\/uploads\/sites\/11\/2023\/12\/Resultado-1a-Fase-Mestrado-Apos-recursos-Com-marcacao-de-entrevistas.pdf\" target=\"_blank\" rel=\"noopener\">\u00bb Resultado 1\u00aa Fase Mestrado \u2013 Ap\u00f3s recursos \u2013 Com marca\u00e7\u00e3o de entrevistas<\/a><\/span><\/p><hr style=\"color: #2b2b2b; font-family: 'Open Sans'; font-size: 16px;\" \/><p style=\"color: #2b2b2b; font-family: inherit; font-size: 16px; padding: 0px; border: 0px; outline: 0px; font-variant: inherit; font-stretch: inherit; line-height: inherit; font-optical-sizing: inherit; font-size-adjust: inherit; font-kerning: inherit; font-feature-settings: inherit; font-variation-settings: inherit; vertical-align: baseline; font-style: inherit; font-weight: inherit;\"><span style=\"color: #547c46;\"><a style=\"margin: 0px; padding: 0px; border: 0px; outline: 0px; font-variant: inherit; font-stretch: inherit; line-height: inherit; font-optical-sizing: inherit; font-size-adjust: inherit; font-kerning: inherit; font-feature-settings: inherit; font-variation-settings: inherit; vertical-align: baseline; font-family: inherit; font-style: inherit; font-weight: inherit; color: #547c46; transition: 0.3s; cursor: pointer; text-underline-offset: 3px;\" href=\"https:\/\/uenf.br\/posgraduacao\/politicas-sociais\/wp-content\/uploads\/sites\/11\/2023\/11\/Resultado-1a-Fase-2024-1-Nivel-Doutorado.pdf\" target=\"_blank\" rel=\"noopener\">\u00bb Resultado 1\u00aa Fase 2024-1 \u2013 N\u00edvel Doutorado<\/a><\/span><\/p><hr style=\"color: #2b2b2b; font-family: 'Open Sans'; font-size: 16px;\" \/><p style=\"color: #2b2b2b; font-family: inherit; font-size: 16px; padding: 0px; border: 0px; outline: 0px; font-variant: inherit; font-stretch: inherit; line-height: inherit; font-optical-sizing: inherit; font-size-adjust: inherit; font-kerning: inherit; font-feature-settings: inherit; font-variation-settings: inherit; vertical-align: baseline; font-style: inherit; font-weight: inherit;\"><span style=\"color: #547c46;\"><a style=\"margin: 0px; padding: 0px; border: 0px; outline: 0px; font-variant: inherit; font-stretch: inherit; line-height: inherit; font-optical-sizing: inherit; font-size-adjust: inherit; font-kerning: inherit; font-feature-settings: inherit; font-variation-settings: inherit; vertical-align: baseline; font-family: inherit; font-style: inherit; font-weight: inherit; color: #547c46; transition: 0.3s; cursor: pointer; text-underline-offset: 3px;\" href=\"https:\/\/uenf.br\/posgraduacao\/politicas-sociais\/wp-content\/uploads\/sites\/11\/2023\/11\/Resultado-1a-Fase-2024-1-Nivel-Mestrado.pdf\" target=\"_blank\" rel=\"noopener\">\u00bb Resultado 1\u00aa Fase 2024-1 \u2013 N\u00edvel Mestrado<\/a><\/span><\/p><hr style=\"color: #2b2b2b; font-family: 'Open Sans'; font-size: 16px;\" \/><p style=\"color: #2b2b2b; font-family: inherit; font-size: 16px; padding: 0px; border: 0px; outline: 0px; font-variant: inherit; font-stretch: inherit; line-height: inherit; font-optical-sizing: inherit; font-size-adjust: inherit; font-kerning: inherit; font-feature-settings: inherit; font-variation-settings: inherit; vertical-align: baseline; font-style: inherit; font-weight: inherit;\"><span style=\"color: #547c46;\"><a style=\"margin: 0px; padding: 0px; border: 0px; outline: 0px; font-variant: inherit; font-stretch: inherit; line-height: inherit; font-optical-sizing: inherit; font-size-adjust: inherit; font-kerning: inherit; font-feature-settings: inherit; font-variation-settings: inherit; vertical-align: baseline; font-family: inherit; font-style: inherit; font-weight: inherit; color: #547c46; transition: 0.3s; cursor: pointer; text-underline-offset: 3px;\" href=\"https:\/\/uenf.br\/posgraduacao\/politicas-sociais\/wp-content\/uploads\/sites\/11\/2023\/11\/Homologacao-de-Inscricoes-2024-1-Nivel-Doutorado-Apos-recursos.pdf\" target=\"_blank\" rel=\"noopener\">\u00bb Homologa\u00e7\u00e3o de Inscri\u00e7\u00f5es 2024-1 \u2013 N\u00edvel Doutorado- Ap\u00f3s recursos<\/a><\/span><\/p><hr style=\"color: #2b2b2b; font-family: 'Open Sans'; font-size: 16px;\" \/><p style=\"color: #2b2b2b; font-family: inherit; font-size: 16px; padding: 0px; border: 0px; outline: 0px; font-variant: inherit; font-stretch: inherit; line-height: inherit; font-optical-sizing: inherit; font-size-adjust: inherit; font-kerning: inherit; font-feature-settings: inherit; font-variation-settings: inherit; vertical-align: baseline; font-style: inherit; font-weight: inherit;\"><span style=\"color: #547c46;\"><a style=\"margin: 0px; padding: 0px; border: 0px; outline: 0px; font-variant: inherit; font-stretch: inherit; line-height: inherit; font-optical-sizing: inherit; font-size-adjust: inherit; font-kerning: inherit; font-feature-settings: inherit; font-variation-settings: inherit; vertical-align: baseline; font-family: inherit; font-style: inherit; font-weight: inherit; color: #547c46; transition: 0.3s; cursor: pointer; text-underline-offset: 3px;\" href=\"https:\/\/uenf.br\/posgraduacao\/politicas-sociais\/wp-content\/uploads\/sites\/11\/2023\/11\/Homologacao-de-Inscricoes-2024-1-Nivel-Mestrado-Apos-recursos.pdf\" target=\"_blank\" rel=\"noopener\">\u00bb Homologa\u00e7\u00e3o de Inscri\u00e7\u00f5es 2024-1 \u2013 N\u00edvel Mestrado \u2013 Ap\u00f3s recursos<\/a><\/span><\/p><hr style=\"color: #2b2b2b; font-family: 'Open Sans'; font-size: 16px;\" \/><p style=\"color: #2b2b2b; font-family: inherit; font-size: 16px; padding: 0px; border: 0px; outline: 0px; font-variant: inherit; font-stretch: inherit; line-height: inherit; font-optical-sizing: inherit; font-size-adjust: inherit; font-kerning: inherit; font-feature-settings: inherit; font-variation-settings: inherit; vertical-align: baseline; font-style: inherit; font-weight: inherit;\"><span style=\"color: #547c46;\"><a style=\"margin: 0px; padding: 0px; border: 0px; outline: 0px; font-variant: inherit; font-stretch: inherit; line-height: inherit; font-optical-sizing: inherit; font-size-adjust: inherit; font-kerning: inherit; font-feature-settings: inherit; font-variation-settings: inherit; vertical-align: baseline; font-family: inherit; font-style: inherit; font-weight: inherit; color: #547c46; transition: 0.3s; cursor: pointer; text-underline-offset: 3px;\" href=\"https:\/\/uenf.br\/posgraduacao\/politicas-sociais\/wp-content\/uploads\/sites\/11\/2023\/11\/Homologacao-de-Inscricoes-2024-1-Nivel-Doutorado.pdf\" target=\"_blank\" rel=\"noopener\">\u00bb Homologa\u00e7\u00e3o de Inscri\u00e7\u00f5es 2024-1 \u2013 N\u00edvel Doutorado<\/a><\/span><\/p><hr style=\"color: #2b2b2b; font-family: 'Open Sans'; font-size: 16px;\" \/><p style=\"color: #2b2b2b; font-family: inherit; font-size: 16px; padding: 0px; border: 0px; outline: 0px; font-variant: inherit; font-stretch: inherit; line-height: inherit; font-optical-sizing: inherit; font-size-adjust: inherit; font-kerning: inherit; font-feature-settings: inherit; font-variation-settings: inherit; vertical-align: baseline; font-style: inherit; font-weight: inherit;\"><span style=\"color: #547c46;\"><a style=\"margin: 0px; padding: 0px; border: 0px; outline: 0px; font-variant: inherit; font-stretch: inherit; line-height: inherit; font-optical-sizing: inherit; font-size-adjust: inherit; font-kerning: inherit; font-feature-settings: inherit; font-variation-settings: inherit; vertical-align: baseline; font-family: inherit; font-style: inherit; font-weight: inherit; color: #547c46; transition: 0.3s; cursor: pointer; text-underline-offset: 3px;\" href=\"https:\/\/uenf.br\/posgraduacao\/politicas-sociais\/wp-content\/uploads\/sites\/11\/2023\/11\/Homologacao-de-Inscricoes-2024-1-Nivel-Mestrado.pdf\" target=\"_blank\" rel=\"noopener\">\u00bb Homologa\u00e7\u00e3o de Inscri\u00e7\u00f5es 2024-1 \u2013 N\u00edvel Mestrado<\/a><\/span><\/p><hr style=\"color: #2b2b2b; font-family: 'Open Sans'; font-size: 16px;\" \/><p style=\"color: #2b2b2b; font-family: inherit; font-size: 16px; padding: 0px; border: 0px; outline: 0px; font-variant: inherit; font-stretch: inherit; line-height: inherit; font-optical-sizing: inherit; font-size-adjust: inherit; font-kerning: inherit; font-feature-settings: inherit; font-variation-settings: inherit; vertical-align: baseline; font-style: inherit; font-weight: inherit;\"><span style=\"color: #547c46;\"><a style=\"margin: 0px; padding: 0px; border: 0px; outline: 0px; font-variant: inherit; font-stretch: inherit; line-height: inherit; font-optical-sizing: inherit; font-size-adjust: inherit; font-kerning: inherit; font-feature-settings: inherit; font-variation-settings: inherit; vertical-align: baseline; font-family: inherit; font-style: inherit; font-weight: inherit; color: #547c46; transition: 0.3s; cursor: pointer; text-underline-offset: 3px;\" href=\"https:\/\/uenf.br\/posgraduacao\/politicas-sociais\/wp-content\/uploads\/sites\/11\/2023\/09\/Errata-01-Edital-2024-PGPS.pdf\" target=\"_blank\" rel=\"noopener\">\u00bb Errata 01 \u2013 Edital 2024 PGPS<\/a><\/span><\/p><hr style=\"color: #2b2b2b; font-family: 'Open Sans'; font-size: 16px;\" \/><p style=\"color: #2b2b2b; font-family: inherit; font-size: 16px; padding: 0px; border: 0px; outline: 0px; font-variant: inherit; font-stretch: inherit; line-height: inherit; font-optical-sizing: inherit; font-size-adjust: inherit; font-kerning: inherit; font-feature-settings: inherit; font-variation-settings: inherit; vertical-align: baseline; font-style: inherit; font-weight: inherit;\"><span style=\"color: #547c46;\"><a style=\"margin: 0px; padding: 0px; border: 0px; outline: 0px; font-variant: inherit; font-stretch: inherit; line-height: inherit; font-optical-sizing: inherit; font-size-adjust: inherit; font-kerning: inherit; font-feature-settings: inherit; font-variation-settings: inherit; vertical-align: baseline; font-family: inherit; font-style: inherit; font-weight: inherit; color: #547c46; transition: 0.3s; cursor: pointer; text-underline-offset: 3px;\" href=\"https:\/\/uenf.br\/posgraduacao\/politicas-sociais\/wp-content\/uploads\/sites\/11\/2023\/09\/EDITAL-MESTRADO-E-DOUTORADO-PGPS-2024.pdf\" target=\"_blank\" rel=\"noopener\">\u00bb EDITAL MESTRADO E DOUTORADO PGPS 2024<\/a><\/span><\/p><hr style=\"color: #2b2b2b; font-family: 'Open Sans'; font-size: 16px;\" \/><p style=\"color: #2b2b2b; font-family: inherit; font-size: 16px; padding: 0px; border: 0px; outline: 0px; font-variant: inherit; font-stretch: inherit; line-height: inherit; font-optical-sizing: inherit; font-size-adjust: inherit; font-kerning: inherit; font-feature-settings: inherit; font-variation-settings: inherit; vertical-align: baseline; font-style: inherit; font-weight: inherit;\"><span style=\"color: #547c46;\"><strong>In\u00edcio das Inscri\u00e7\u00f5es:<\/strong><\/span> 06\/10\/2023<br \/><span style=\"color: #547c46;\"><strong>Final das Inscri\u00e7\u00f5es:<\/strong><\/span> 06\/11\/2023<\/p><\/div>\t\t\t\t\t\t\t\t<\/div>\n\t\t\t\t<\/div>\n\t\t\t\t\t<\/div>\n\t\t\t\t<\/div>\n\t\t<div class=\"elementor-element elementor-element-3c77743 e-flex e-con-boxed e-con e-parent\" data-id=\"3c77743\" data-element_type=\"container\" data-e-type=\"container\">\n\t\t\t\t\t<div class=\"e-con-inner\">\n\t\t\t\t<div class=\"elementor-element elementor-element-cfb1b74 elementor-widget-divider--view-line elementor-widget elementor-widget-divider\" data-id=\"cfb1b74\" data-element_type=\"widget\" data-e-type=\"widget\" data-widget_type=\"divider.default\">\n\t\t\t\t<div class=\"elementor-widget-container\">\n\t\t\t\t\t\t\t<div class=\"elementor-divider\">\n\t\t\t<span class=\"elementor-divider-separator\">\n\t\t\t\t\t\t<\/span>\n\t\t<\/div>\n\t\t\t\t\t\t<\/div>\n\t\t\t\t<\/div>\n\t\t\t\t\t<\/div>\n\t\t\t\t<\/div>\n\t\t<div class=\"elementor-element elementor-element-0c7416f e-grid e-con-boxed e-con e-parent\" data-id=\"0c7416f\" data-element_type=\"container\" data-e-type=\"container\">\n\t\t\t\t\t<div class=\"e-con-inner\">\n\t\t\t\t<div class=\"elementor-element elementor-element-66eba0a elementor-widget elementor-widget-text-editor\" data-id=\"66eba0a\" data-element_type=\"widget\" data-e-type=\"widget\" data-widget_type=\"text-editor.default\">\n\t\t\t\t<div class=\"elementor-widget-container\">\n\t\t\t\t\t\t\t\t\t<blockquote><h2 class=\"elementor-heading-title elementor-size-default elementor-inline-editing pen\" style=\"font-family: var( --e-global-typography-primary-font-family ), Sans-serif; font-weight: var( --e-global-typography-primary-font-weight ); color: var( --e-global-color-primary );\" data-elementor-setting-key=\"title\" data-pen-placeholder=\"Digite aqui...\"><strong><span style=\"color: #547c46;\">+ Aluno Regular Mestrado<\/span><\/strong><\/h2><\/blockquote><div class=\"entry clr\"><p><a href=\"https:\/\/uenf.br\/posgraduacao\/politicas-sociais\/wp-content\/uploads\/sites\/11\/2024\/09\/errata_02_assinado-1.pdf\" target=\"_blank\" rel=\"noopener\"><strong><span style=\"color: #547c46;\">\u00bb Errata 2- Edital Sele\u00e7\u00e3o Mestrado Doutorado 2025<\/span><\/strong><\/a><\/p><hr \/><p><a href=\"https:\/\/uenf.br\/posgraduacao\/politicas-sociais\/wp-content\/uploads\/sites\/11\/2024\/09\/ERRATA-01-2025.1.pdf\" target=\"_blank\" rel=\"noopener\"><strong><span style=\"color: #547c46;\">\u00bb Errata 1 \u2013 Edital Sele\u00e7\u00e3o Mestrado Doutorado 2025<\/span><\/strong><\/a><\/p><hr \/><p><a href=\"https:\/\/uenf.br\/posgraduacao\/politicas-sociais\/wp-content\/uploads\/sites\/11\/2024\/09\/Edital_PPGPS_2025.pdf\" target=\"_blank\" rel=\"noopener\"><strong><span style=\"color: #547c46;\">\u00bb Edital de Sele\u00e7\u00e3o Mestrado e Doutorado 2025<\/span><\/strong><\/a><\/p><hr \/><p><a href=\"https:\/\/uenf.br\/posgraduacao\/politicas-sociais\/wp-content\/uploads\/sites\/11\/2024\/03\/Resultado-Edital-Chamada-de-Bolsas-Mestrado-Doutorado-PGPS-2024.pdf\" target=\"_blank\" rel=\"noopener\"><span style=\"color: #547c46;\">\u00bbResultado Edital Chamada de Bolsas Mestrado &amp; Doutorado PGPS 2024<\/span><\/a><\/p><hr \/><p><a href=\"https:\/\/uenf.br\/posgraduacao\/politicas-sociais\/wp-content\/uploads\/sites\/11\/2024\/03\/Edital-do-PPGPS-para-Candidaturas-a-Bolsa-de-Mestrado-e-Doutorado-2024-1.pdf\" target=\"_blank\" rel=\"noopener\"><span style=\"color: #547c46;\">\u00bb Edital do PPGPS para Candidaturas \u00e0 Bolsa de Mestrado e Doutorado 2024-1<\/span><\/a><\/p><ul><li><p><span style=\"color: #034fb4;\"><em><strong>SELE\u00c7\u00c3O 2024 \u2013 MESTRADO E DOUTORADO<\/strong><\/em><\/span><\/p><\/li><\/ul><p><span style=\"color: #547c46;\"><a style=\"color: #547c46;\" href=\"https:\/\/uenf.br\/posgraduacao\/politicas-sociais\/wp-content\/uploads\/sites\/11\/2023\/12\/Resultado-Final-Mestrado-2024-1.pdf\" target=\"_blank\" rel=\"noopener\">\u00bb Resultado Final Mestrado 2024-1<\/a><\/span><\/p><hr \/><p><span style=\"color: #547c46;\"><a style=\"color: #547c46;\" href=\"https:\/\/uenf.br\/posgraduacao\/politicas-sociais\/wp-content\/uploads\/sites\/11\/2023\/12\/Resultado-2a-fase-Mestrado-2024-1-Apos-recursos.pdf\" target=\"_blank\" rel=\"noopener\">\u00bb Resultado 2\u00aa fase Mestrado \u2013 2024-1 \u2013 Ap\u00f3s recursos<\/a><\/span><\/p><hr \/><p><span style=\"color: #547c46;\"><a style=\"color: #547c46;\" href=\"https:\/\/uenf.br\/posgraduacao\/politicas-sociais\/wp-content\/uploads\/sites\/11\/2023\/12\/Resultado-2a-fase-Mestrado-2024-1-ass.pdf\" target=\"_blank\" rel=\"noopener\">\u00bb Resultado 2\u00aa fase Mestrado \u2013 2024-1<\/a><\/span><\/p><hr \/><p><span style=\"color: #547c46;\"><a style=\"color: #547c46;\" href=\"https:\/\/uenf.br\/posgraduacao\/politicas-sociais\/wp-content\/uploads\/sites\/11\/2023\/12\/Resultado-1a-Fase-Mestrado-Apos-recursos-Com-marcacao-de-entrevistas.pdf\" target=\"_blank\" rel=\"noopener\">\u00bb Resultado 1\u00aa Fase Mestrado \u2013 Ap\u00f3s recursos \u2013 Com marca\u00e7\u00e3o de entrevistas<\/a><\/span><\/p><hr \/><p><span style=\"color: #547c46;\"><a style=\"color: #547c46;\" href=\"https:\/\/uenf.br\/posgraduacao\/politicas-sociais\/wp-content\/uploads\/sites\/11\/2023\/11\/Resultado-1a-Fase-2024-1-Nivel-Mestrado.pdf\" target=\"_blank\" rel=\"noopener\">\u00bb Resultado 1\u00aa Fase 2024-1 \u2013 N\u00edvel Mestrado<\/a><\/span><\/p><hr \/><p><span style=\"color: #547c46;\"><a style=\"color: #547c46;\" href=\"https:\/\/uenf.br\/posgraduacao\/politicas-sociais\/wp-content\/uploads\/sites\/11\/2023\/11\/Homologacao-de-Inscricoes-2024-1-Nivel-Mestrado-Apos-recursos.pdf\" target=\"_blank\" rel=\"noopener\">\u00bb Homologa\u00e7\u00e3o de Inscri\u00e7\u00f5es 2024-1 \u2013 N\u00edvel Mestrado \u2013 Ap\u00f3s recursos<\/a><\/span><\/p><hr \/><p><span style=\"color: #547c46;\"><a style=\"color: #547c46;\" href=\"https:\/\/uenf.br\/posgraduacao\/politicas-sociais\/wp-content\/uploads\/sites\/11\/2023\/11\/Homologacao-de-Inscricoes-2024-1-Nivel-Mestrado.pdf\" target=\"_blank\" rel=\"noopener\">\u00bb Homologa\u00e7\u00e3o de Inscri\u00e7\u00f5es 2024-1 \u2013 N\u00edvel Mestrado<\/a><\/span><\/p><hr \/><p><span style=\"color: #547c46;\"><a style=\"color: #547c46;\" href=\"https:\/\/uenf.br\/posgraduacao\/politicas-sociais\/wp-content\/uploads\/sites\/11\/2023\/09\/Errata-01-Edital-2024-PGPS.pdf\" target=\"_blank\" rel=\"noopener\">\u00bb Errata 01 \u2013 Edital 2024 PGPS<\/a><\/span><\/p><hr \/><p><span style=\"color: #547c46;\"><a style=\"color: #547c46;\" href=\"https:\/\/uenf.br\/posgraduacao\/politicas-sociais\/wp-content\/uploads\/sites\/11\/2023\/09\/EDITAL-MESTRADO-E-DOUTORADO-PGPS-2024.pdf\" target=\"_blank\" rel=\"noopener\">\u00bb EDITAL MESTRADO E DOUTORADO PGPS 2024<\/a><\/span><\/p><hr \/><p><span style=\"color: #547c46;\"><strong>In\u00edcio das Inscri\u00e7\u00f5es:<\/strong><\/span> 06\/10\/2023<br \/><strong><span style=\"color: #547c46;\">Final das Inscri\u00e7\u00f5es:<\/span><\/strong> 06\/11\/2023<\/p><\/div>\t\t\t\t\t\t\t\t<\/div>\n\t\t\t\t<\/div>\n\t\t\t\t<div class=\"elementor-element elementor-element-026d452 elementor-widget elementor-widget-text-editor\" data-id=\"026d452\" data-element_type=\"widget\" data-e-type=\"widget\" data-widget_type=\"text-editor.default\">\n\t\t\t\t<div class=\"elementor-widget-container\">\n\t\t\t\t\t\t\t\t\t<blockquote><h2 class=\"elementor-heading-title elementor-size-default elementor-inline-editing pen\" style=\"font-family: var( --e-global-typography-primary-font-family ), Sans-serif; font-weight: var( --e-global-typography-primary-font-weight ); color: var( --e-global-color-primary );\" data-elementor-setting-key=\"title\" data-pen-placeholder=\"Digite aqui...\"><strong><span style=\"color: #547c46;\">+ Aluno Regular Doutorado<\/span><\/strong><\/h2><\/blockquote><p><strong><a href=\"http:\/\/uenf.br\/posgraduacao\/politicas-sociais\/wp-content\/uploads\/sites\/11\/2024\/09\/errata_02_assinado.pdf\" target=\"_blank\" rel=\"noopener\"><span style=\"color: #547c46;\">\u00bb Errata 2 \u2013 Edital Sele\u00e7\u00e3o Mestrado Doutorado 2025<\/span><\/a><\/strong><\/p><hr \/><p><strong style=\"color: #547c46;\"><a style=\"color: #547c46;\" href=\"https:\/\/uenf.br\/posgraduacao\/politicas-sociais\/wp-content\/uploads\/sites\/11\/2024\/09\/ERRATA-01-2025.1.pdf\" target=\"_blank\" rel=\"noopener\">\u00bb Errata 1 \u2013 Edital Sele\u00e7\u00e3o Mestrado Doutorado 2025<\/a><\/strong><\/p><hr \/><p><strong style=\"color: #547c46;\"><a style=\"color: #547c46;\" href=\"https:\/\/uenf.br\/posgraduacao\/politicas-sociais\/wp-content\/uploads\/sites\/11\/2024\/09\/Edital_PPGPS_2025.pdf\" target=\"_blank\" rel=\"noopener\">\u00bb Edital de Sele\u00e7\u00e3o Mestrado e Doutorado 2025<\/a><\/strong><\/p><hr \/><p><a style=\"color: #547c46;\" href=\"https:\/\/uenf.br\/posgraduacao\/politicas-sociais\/wp-content\/uploads\/sites\/11\/2024\/03\/Resultado-Edital-Chamada-de-Bolsas-Mestrado-Doutorado-PGPS-2024.pdf\" target=\"_blank\" rel=\"noopener\">\u00bb Resultado Edital Chamada de Bolsas Mestrado &amp; Doutorado PGPS 2024<\/a><\/p><hr \/><p><a style=\"color: #547c46;\" href=\"https:\/\/uenf.br\/posgraduacao\/politicas-sociais\/wp-content\/uploads\/sites\/11\/2024\/03\/Edital-do-PPGPS-para-Candidaturas-a-Bolsa-de-Mestrado-e-Doutorado-2024-1.pdf\" target=\"_blank\" rel=\"noopener\">\u00bb Edital do PPGPS para Candidaturas \u00e0 Bolsa de Mestrado e Doutorado 2024-1<\/a><\/p><hr \/><p><a style=\"color: #547c46;\" href=\"https:\/\/uenf.br\/posgraduacao\/politicas-sociais\/wp-content\/uploads\/sites\/11\/2023\/12\/Resultado-Final-Doutorado-2024-1-1.pdf\" target=\"_blank\" rel=\"noopener\">\u00bb Resultado Final Doutorado 2024-1<\/a><\/p><hr \/><p><a style=\"color: #547c46;\" href=\"https:\/\/uenf.br\/posgraduacao\/politicas-sociais\/wp-content\/uploads\/sites\/11\/2023\/12\/Resultado-2a-Fase-2024-1-Nivel-Doutorado-Apos-recursos.pdf\" target=\"_blank\" rel=\"noopener\">\u00bb Resultado 2\u00aa Fase 2024-1 \u2013 N\u00edvel Doutorado \u2013 Ap\u00f3s recursos<\/a><\/p><hr \/><p><a style=\"color: #547c46;\" href=\"https:\/\/uenf.br\/posgraduacao\/politicas-sociais\/wp-content\/uploads\/sites\/11\/2023\/12\/Resultado-2a-Fase-2024-1-Nivel-Doutorado.pdf\" target=\"_blank\" rel=\"noopener\">\u00bb Resultado 2\u00aa Fase 2024-1 \u2013 N\u00edvel Doutorado<\/a><\/p><hr \/><p><a style=\"color: #547c46;\" href=\"https:\/\/uenf.br\/posgraduacao\/politicas-sociais\/wp-content\/uploads\/sites\/11\/2023\/12\/Resultado-1a-Fase-2024-1-Nivel-Doutorado-apos-recursos-com-data-de-entrevista.pdf\" target=\"_blank\" rel=\"noopener\">\u00bb Resultado 1\u00aa Fase 2024-1 \u2013 N\u00edvel Doutorado \u2013 ap\u00f3s recursos \u2013 com data de entrevista<\/a><\/p><hr \/><p><a style=\"color: #547c46;\" href=\"https:\/\/uenf.br\/posgraduacao\/politicas-sociais\/wp-content\/uploads\/sites\/11\/2023\/11\/Resultado-1a-Fase-2024-1-Nivel-Doutorado.pdf\" target=\"_blank\" rel=\"noopener\">\u00bb Resultado 1\u00aa Fase 2024-1 \u2013 N\u00edvel Doutorado<\/a><\/p><hr \/><p><a style=\"color: #547c46;\" href=\"https:\/\/uenf.br\/posgraduacao\/politicas-sociais\/wp-content\/uploads\/sites\/11\/2023\/11\/Homologacao-de-Inscricoes-2024-1-Nivel-Doutorado-Apos-recursos.pdf\" target=\"_blank\" rel=\"noopener\">\u00bb Homologa\u00e7\u00e3o de Inscri\u00e7\u00f5es 2024-1 \u2013 N\u00edvel Doutorado- Ap\u00f3s recursos<\/a><\/p><hr \/><p><a style=\"color: #547c46;\" href=\"https:\/\/uenf.br\/posgraduacao\/politicas-sociais\/wp-content\/uploads\/sites\/11\/2023\/11\/Homologacao-de-Inscricoes-2024-1-Nivel-Doutorado.pdf\" target=\"_blank\" rel=\"noopener\">\u00bb Homologa\u00e7\u00e3o de Inscri\u00e7\u00f5es 2024-1 \u2013 N\u00edvel Doutorado<\/a><\/p><hr \/><p><a style=\"color: #547c46;\" href=\"https:\/\/uenf.br\/posgraduacao\/politicas-sociais\/wp-content\/uploads\/sites\/11\/2023\/09\/Errata-01-Edital-2024-PGPS.pdf\" target=\"_blank\" rel=\"noopener\">\u00bb Errata 01 \u2013 Edital 2024 PGPS<\/a><\/p><hr \/><p><a style=\"color: #547c46;\" href=\"https:\/\/uenf.br\/posgraduacao\/politicas-sociais\/wp-content\/uploads\/sites\/11\/2023\/09\/EDITAL-MESTRADO-E-DOUTORADO-PGPS-2024.pdf\" target=\"_blank\" rel=\"noopener\">\u00bb EDITAL MESTRADO E DOUTORADO PGPS 2024<\/a><\/p><hr \/><p><span style=\"color: #547c46;\"><strong>In\u00edcio das Inscri\u00e7\u00f5es: <\/strong><\/span>06\/10\/2023<br \/><span style=\"color: #547c46;\"><strong>Final das Inscri\u00e7\u00f5es:<\/strong><\/span> 06\/11\/2023<\/p>\t\t\t\t\t\t\t\t<\/div>\n\t\t\t\t<\/div>\n\t\t\t\t<div class=\"elementor-element elementor-element-87259d5 elementor-widget elementor-widget-text-editor\" data-id=\"87259d5\" data-element_type=\"widget\" data-e-type=\"widget\" data-widget_type=\"text-editor.default\">\n\t\t\t\t<div class=\"elementor-widget-container\">\n\t\t\t\t\t\t\t\t\t<blockquote><h2 class=\"elementor-heading-title elementor-size-default elementor-inline-editing pen\" style=\"font-family: var( --e-global-typography-primary-font-family ), Sans-serif; font-weight: var( --e-global-typography-primary-font-weight ); color: var( --e-global-color-primary );\" data-elementor-setting-key=\"title\" data-pen-placeholder=\"Digite aqui...\"><strong><span style=\"color: #547c46;\">+ Aluno Especial<\/span><\/strong><\/h2><\/blockquote><div class=\"entry clr\"><div class=\"entry clr\"><p><strong><span style=\"color: #547c46;\"><a style=\"color: #547c46;\" href=\"https:\/\/uenf.br\/posgraduacao\/politicas-sociais\/wp-content\/uploads\/sites\/11\/2024\/07\/Alunos-Especiais-Aprovados-2o-Semestre-de-2024-SEGUNDA-RETIFICACAO.pdf\" target=\"_blank\" rel=\"noopener\">\u00bb Alunos Especiais Aprovados 2\u00ba Semestre de 2024 \u2013 SEGUNDA RETIFICA\u00c7\u00c3O<\/a><\/span><\/strong><\/p><hr \/><p><strong><span style=\"color: #547c46;\"><a style=\"color: #547c46;\" href=\"https:\/\/uenf.br\/posgraduacao\/politicas-sociais\/wp-content\/uploads\/sites\/11\/2024\/07\/Alunos-Especiais-Aprovados-2o-Semestre-de-2024-RETIFICADO.pdf\" target=\"_blank\" rel=\"noopener\">\u00bb Alunos Especiais Aprovados 2\u00ba Semestre de 2024 \u2013 RETIFICADO<\/a><\/span><\/strong><\/p><hr \/><p><strong><span style=\"color: #547c46;\"><a style=\"color: #547c46;\" href=\"https:\/\/uenf.br\/posgraduacao\/politicas-sociais\/wp-content\/uploads\/sites\/11\/2024\/07\/Alunos-Especiais-Aprovados-2o-Semestre-de-2024.pdf\" target=\"_blank\" rel=\"noopener\">\u00bb Resultado sele\u00e7\u00e3o de Alunos Especiais 2\u00ba Semestre de 2024<\/a><\/span><\/strong><\/p><hr \/><p><span style=\"color: #547c46;\"><a style=\"color: #547c46;\" href=\"https:\/\/uenf.br\/posgraduacao\/politicas-sociais\/wp-content\/uploads\/sites\/11\/2024\/07\/Informacoes-para-Selecao-alunos-especiais-2-2024.pdf\" target=\"_blank\" rel=\"noopener\">\u00bb Informa\u00e7\u00f5es para Sele\u00e7\u00e3o alunos especiais 2-2024<\/a><\/span><\/p><hr \/><p><span style=\"color: #547c46;\"><a style=\"color: #547c46;\" href=\"https:\/\/uenf.br\/posgraduacao\/politicas-sociais\/wp-content\/uploads\/sites\/11\/2024\/07\/Alunos-Especiais-Aprovados-2o-Semestre-de-2024-1.pdf\" target=\"_blank\" rel=\"noopener\">\u00bb Alunos Especiais Aprovados 2\u00ba Semestre de 2024 \u2013 RETIFICADO<\/a><\/span><\/p><hr \/><p><span style=\"color: #547c46;\"><strong>Per\u00edodo de Inscri\u00e7\u00e3o:<\/strong> <\/span>15 a 19\/07\/2024<\/p><\/div><\/div>\t\t\t\t\t\t\t\t<\/div>\n\t\t\t\t<\/div>\n\t\t\t\t<div class=\"elementor-element elementor-element-245a74c elementor-widget elementor-widget-text-editor\" data-id=\"245a74c\" data-element_type=\"widget\" data-e-type=\"widget\" data-widget_type=\"text-editor.default\">\n\t\t\t\t<div class=\"elementor-widget-container\">\n\t\t\t\t\t\t\t\t\t<blockquote><h2 class=\"elementor-heading-title elementor-size-default elementor-inline-editing pen\" style=\"font-family: var( --e-global-typography-primary-font-family ), Sans-serif; font-weight: var( --e-global-typography-primary-font-weight ); color: var( --e-global-color-primary );\" data-elementor-setting-key=\"title\" data-pen-placeholder=\"Digite aqui...\"><strong><span style=\"color: #547c46;\">+ Editais<\/span><\/strong><\/h2><\/blockquote><div class=\"entry clr\"><div class=\"entry clr\"><ul><li><p><strong><span style=\"color: #034fb4;\"><em>EDITAL PARA CREDENCIAMENTO E RECREDENCIAMENTO DE DOCENTES PARA ATUA\u00c7\u00c2O NO PPGPS 2023<\/em><\/span><\/strong><\/p><\/li><\/ul><p><span style=\"color: #547c46;\"><strong><a style=\"color: #547c46;\" href=\"https:\/\/uenf.br\/posgraduacao\/politicas-sociais\/wp-content\/uploads\/sites\/11\/2024\/02\/Resultado-Final-do-Edital-de-Recredenciamento-do-Corpo-Docente-do-PGPS-2024.pdf\" target=\"_blank\" rel=\"noopener\">\u00bb Resultado Final do Edital de Recredenciamento do Corpo Docente do PGPS 2024<\/a><\/strong><\/span><\/p><hr \/><p><span style=\"color: #547c46;\"><a style=\"color: #547c46;\" href=\"https:\/\/uenf.br\/posgraduacao\/politicas-sociais\/wp-content\/uploads\/sites\/11\/2024\/02\/ERRATA-2-EDITAL-PARA-CREDENCIAMENTO-E-RECREDENCIAMENTO-DE-DOCENTES-PARA-ATUACAO-NO-PPGPS.pdf\" target=\"_blank\" rel=\"noopener\">\u00bb ERRATA 2-EDITAL-PARA-CREDENCIAMENTO-E-RECREDENCIAMENTO-DE-DOCENTES-PARA-ATUACAO-NO-PPGPS<\/a><\/span><\/p><hr \/><p><span style=\"color: #547c46;\"><a style=\"color: #547c46;\" href=\"https:\/\/uenf.br\/posgraduacao\/politicas-sociais\/wp-content\/uploads\/sites\/11\/2023\/10\/ERRATA-EDITAL-PARA-CREDENCIAMENTO-E-RECREDENCIAMENTO-DE-DOCENTES-PARA-ATUACAO-NO-PPGPS.pdf\" target=\"_blank\" rel=\"noopener\">\u00bb ERRATA \u2013 EDITAL PARA CREDENCIAMENTO E RECREDENCIAMENTO DE DOCENTES PARA ATUA\u00c7\u00c2O NO PPGPS<\/a><\/span><\/p><hr \/><p><span style=\"color: #547c46;\"><a style=\"color: #547c46;\" href=\"https:\/\/uenf.br\/posgraduacao\/politicas-sociais\/wp-content\/uploads\/sites\/11\/2023\/10\/Edital-de-credenciamento-e-recredenciamento-2023.pdf\" target=\"_blank\" rel=\"noopener\">\u00bb Edital de credenciamento e recredenciamento 2023<\/a><\/span><\/p><hr \/><p><span style=\"color: #547c46;\"><a style=\"color: #547c46;\" href=\"https:\/\/uenf.br\/posgraduacao\/politicas-sociais\/wp-content\/uploads\/sites\/11\/2023\/10\/FICHA_AVA_INTERDISCIPLINAR_JUL_21.pdf\" target=\"_blank\" rel=\"noopener\">\u00bb FICHA_AVA_INTERDISCIPLINAR_JUL_21<\/a><\/span><\/p><hr \/><ul><li><span style=\"color: #034fb4;\"><em><strong>EDITAL PARA SELE\u00c7\u00c3O INTERNA AO PROGRAMA DE DOUTORADO SANDU\u00cdCHE NO EXTERIOR (PDSE) DO PROGRAMA DE P\u00d3S-GRADUA\u00c7\u00c3O EM POL\u00cdTICAS SOCIAIS \u2013 UENF 2023\/2024<\/strong><\/em><\/span><\/li><\/ul><p><span style=\"color: #547c46;\"><strong>Inscri\u00e7\u00f5es:<\/strong> <\/span>21\/11\/2023 a 24\/11\/2023<br \/><span style=\"color: #547c46;\"><strong>Leia o Edital na \u00edntegra.<\/strong><\/span><\/p><hr \/><p><span style=\"color: #547c46;\"><a style=\"color: #547c46;\" href=\"https:\/\/uenf.br\/posgraduacao\/politicas-sociais\/wp-content\/uploads\/sites\/11\/2023\/11\/Resultado-PDSE-2023-2024.pdf\" target=\"_blank\" rel=\"noopener\">\u00bb Resultado PDSE 2023-2024<\/a><\/span><\/p><hr \/><p><span style=\"color: #547c46;\"><a style=\"color: #547c46;\" href=\"https:\/\/uenf.br\/posgraduacao\/politicas-sociais\/wp-content\/uploads\/sites\/11\/2023\/11\/Homologacao-PDSE-2023-2024.pdf\" target=\"_blank\" rel=\"noopener\">\u00bb Homologa\u00e7\u00e3o PDSE 2023-2024<\/a><\/span><\/p><hr \/><p><span style=\"color: #547c46;\"><a style=\"color: #547c46;\" href=\"https:\/\/uenf.br\/posgraduacao\/politicas-sociais\/wp-content\/uploads\/sites\/11\/2023\/11\/Errata-01-Edital-PDSE-PGPS.pdf\" target=\"_blank\" rel=\"noopener\">\u00bb Errata 01 \u2013 Edital PDSE 2023\/2024<\/a><\/span><\/p><hr \/><p><span style=\"color: #547c46;\"><a style=\"color: #547c46;\" href=\"https:\/\/uenf.br\/posgraduacao\/politicas-sociais\/wp-content\/uploads\/sites\/11\/2023\/11\/Edital-PDSE-2023-2024-Com-cronograma.pdf\" target=\"_blank\" rel=\"noopener\">\u00bb Edital PDSE 2023-2024 Com cronograma<\/a><\/span><\/p><\/div><\/div>\t\t\t\t\t\t\t\t<\/div>\n\t\t\t\t<\/div>\n\t\t\t\t\t<\/div>\n\t\t\t\t<\/div>\n\t\t\t\t<\/div>\n\t\t","protected":false},"excerpt":{"rendered":"<p>+ Lan\u00e7ado Edital de Sele\u00e7\u00e3o de 2025 \u21d2 Edital Pol\u00edticas Sociais 2025 \u21d2 Errata 1 \u2013 Edital Sele\u00e7\u00e3o Mestrado Doutorado 2025 \u21d2 Errata 2 &#8211; Ed<\/p>\n","protected":false},"author":1,"featured_media":0,"parent":0,"menu_order":0,"comment_status":"closed","ping_status":"closed","template":"fullwidth.php","meta":{"footnotes":""},"class_list":["post-559","page","type-page","status-publish","hentry"],"_links":{"self":[{"href":"https:\/\/developerwordpress.com.br\/index.php?rest_route=\/wp\/v2\/pages\/559","targetHints":{"allow":["GET"]}}],"collection":[{"href":"https:\/\/developerwordpress.com.br\/index.php?rest_route=\/wp\/v2\/pages"}],"about":[{"href":"https:\/\/developerwordpress.com.br\/index.php?rest_route=\/wp\/v2\/types\/page"}],"author":[{"embeddable":true,"href":"https:\/\/developerwordpress.com.br\/index.php?rest_route=\/wp\/v2\/users\/1"}],"replies":[{"embeddable":true,"href":"https:\/\/developerwordpress.com.br\/index.php?rest_route=%2Fwp%2Fv2%2Fcomments&post=559"}],"version-history":[{"count":44,"href":"https:\/\/developerwordpress.com.br\/index.php?rest_route=\/wp\/v2\/pages\/559\/revisions"}],"predecessor-version":[{"id":973,"href":"https:\/\/developerwordpress.com.br\/index.php?rest_route=\/wp\/v2\/pages\/559\/revisions\/973"}],"wp:attachment":[{"href":"https:\/\/developerwordpress.com.br\/index.php?rest_route=%2Fwp%2Fv2%2Fmedia&parent=559"}],"curies":[{"name":"wp","href":"https:\/\/api.w.org\/{rel}","templated":true}]}}